{"id":227435,"date":"2024-03-14T20:28:06","date_gmt":"2024-03-14T19:28:06","guid":{"rendered":"https:\/\/asmc-test.es\/old_asmc\/ecole-mtc\/formation-medecine-chinoise-programme-tarif\/"},"modified":"2026-08-21T13:09:21","modified_gmt":"2026-08-21T11:09:21","slug":"formation-medecine-chinoise-programme-tarif","status":"publish","type":"page","link":"https:\/\/asmc.education\/asmc\/ecole-mtc\/formation-medecine-chinoise-programme-tarif\/","title":{"rendered":"Programme et tarifs"},"content":{"rendered":"\n<div class=\"wp-block-group alignfull asmc-section has-background-background-color has-background is-layout-constrained wp-block-group-is-layout-constrained\">\n<p class=\"has-text-align-center asmc-tag-wrap asmc-hide-mobile wp-block-paragraph\"><span class=\"asmc-tag asmc-tag--caps\">Cursus &amp; formule de prix<\/span><\/p>\n\n\n\n<h1 class=\"wp-block-heading has-text-align-center has-xx-large-font-size\">Programme d\u2019\u00e9tudes &amp; tarifs de l\u2019\u00e9cole<\/h1>\n\n\n\n<p class=\"has-text-align-center has-grey-color has-text-color has-large-font-size wp-block-paragraph\">Ann\u00e9e par ann\u00e9e, sp\u00e9cialit\u00e9s, co\u00fbt annuel, tarifs particuliers&#8230;<\/p>\n\n\n\n<div class=\"wp-block-columns asmc-pricing is-layout-flex wp-container-core-columns-is-layout-1bdc1c3b wp-block-columns-is-layout-flex\">\n<div class=\"wp-block-column asmc-timeline is-layout-flow wp-block-column-is-layout-flow\" style=\"flex-basis:52%\">\n<div class=\"wp-block-group asmc-timeline__item is-layout-flow wp-block-group-is-layout-flow\">\n<p class=\"asmc-timeline__num wp-block-paragraph\">01<\/p>\n\n\n\n<h3 class=\"wp-block-heading\">Tronc Commun &#8211; 2 ans<\/h3>\n\n\n\n<p class=\"asmc-timeline__sub wp-block-paragraph\">Ma\u00eetrise des Th\u00e9ories fondamentales et bilan \u00e9nerg\u00e9tique.<\/p>\n\n\n\n<p class=\"asmc-timeline__txt wp-block-paragraph\">La th\u00e9orie est enseign\u00e9e par cours en ligne via notre plateforme d\u00e9di\u00e9e et visioconf\u00e9rences avec tutorat.<\/p>\n<\/div>\n\n\n\n<div class=\"wp-block-group asmc-timeline__item is-layout-flow wp-block-group-is-layout-flow\">\n<p class=\"asmc-timeline__num wp-block-paragraph\">02<\/p>\n\n\n\n<h3 class=\"wp-block-heading\">\u00c9tude de sp\u00e9cialit\u00e9(s) &#8211; 1 \u00e0 2 ans<\/h3>\n\n\n\n<p class=\"asmc-timeline__sub wp-block-paragraph\">Choisissez la ou les sp\u00e9cialit\u00e9s que vous souhaitez apprendre dans l&rsquo;un de nos centres de formations.<\/p>\n\n\n\n<p class=\"asmc-timeline__txt wp-block-paragraph\">Acupuncture &amp; Moxibustion, Pharmacop\u00e9e chinoise, Di\u00e9t\u00e9tique chinoise, Qi Gong de sant\u00e9, Massage Chinois Tui Na.<\/p>\n<\/div>\n\n\n\n<div class=\"wp-block-group asmc-timeline__item is-layout-flow wp-block-group-is-layout-flow\">\n<p class=\"asmc-timeline__num wp-block-paragraph\">03<\/p>\n\n\n\n<h3 class=\"wp-block-heading\">Finalisation de la formation &#8211; 2 \u00e0 3 mois<\/h3>\n\n\n\n<p class=\"asmc-timeline__sub wp-block-paragraph\">\u25c9 <a href=\"#stage-pratique\">Stage Clinique<\/a><\/p>\n\n\n\n<p class=\"asmc-timeline__txt wp-block-paragraph\">\u00c9valuation du niveau de connaissances &amp; Module de S\u00e9curit\u00e9 du consultant<\/p>\n<\/div>\n<\/div>\n\n\n\n<div class=\"wp-block-column asmc-pricing__col is-layout-flow wp-block-column-is-layout-flow\">\n<div class=\"asmc-pricing-toggle\" role=\"tablist\" aria-label=\"Formules de prix\">\n<button type=\"button\" class=\"asmc-pricing-toggle__btn\" data-target=\"asmc-price-1\" role=\"tab\">1 an d&rsquo;\u00e9tude<\/button>\n<button type=\"button\" class=\"asmc-pricing-toggle__btn is-active\" data-target=\"asmc-price-2\" role=\"tab\"><span>2 ans d&rsquo;\u00e9tudes<\/span><span class=\"asmc-pricing-toggle__badge\">-15%<\/span><\/button>\n<\/div>\n\n\n\n<div class=\"wp-block-group asmc-price-card is-layout-flow wp-block-group-is-layout-flow\" id=\"asmc-price-1\">\n<div class=\"wp-block-group asmc-price-card__head is-layout-flow wp-block-group-is-layout-flow\">\n<figure class=\"wp-block-image is-resized asmc-price-card__logo\"><img decoding=\"async\" src=\"https:\/\/asmc.education\/asmc\/wp-content\/uploads\/2026\/07\/asmc-logo-symbol-purple.svg\" alt=\"\" style=\"width:28px;height:28px\"\/><\/figure>\n<\/div>\n\n\n\n<h3 class=\"wp-block-heading asmc-price-card__price\">10&#215;295\u20ac<\/h3>\n\n\n\n<p class=\"asmc-price-card__day wp-block-paragraph\">soit 8,08\u20ac \/jour<\/p>\n\n\n\n<p class=\"asmc-price-card__note wp-block-paragraph\">+ 1 acompte de 350\u20ac<\/p>\n\n\n\n<p class=\"asmc-price-card__engage wp-block-paragraph\"><strong>Engagement sur 1 ann\u00e9e<\/strong> (2026-2027)<\/p>\n\n\n\n<div class=\"wp-block-buttons is-layout-flex wp-block-buttons-is-layout-flex\">\n<div class=\"wp-block-button asmc-price-card__cta\"><a class=\"wp-block-button__link wp-element-button\" href=\"https:\/\/asmc.education\/asmc\/?add-to-cart=224746\">S&rsquo;inscrire<\/a><\/div>\n<\/div>\n\n\n\n<ul class=\"wp-block-list asmc-price-card__list\">\n<li>Inscription pour le tronc commun<\/li>\n\n\n\n<li>Facilit\u00e9 de paiement jusqu&rsquo;\u00e0 10 fois<\/li>\n\n\n\n<li>Pas de frais d&rsquo;inscription ni de frais cach\u00e9s<\/li>\n\n\n\n<li>1\u00e8re ann\u00e9e \u00e9quivalente \u00e0 20 week-ends<\/li>\n\n\n\n<li>Particulier hors financement<\/li>\n\n\n\n<li>Un total de 2950\u20ac par an<\/li>\n<\/ul>\n<\/div>\n\n\n\n<div class=\"wp-block-group asmc-price-card is-layout-flow wp-block-group-is-layout-flow\" id=\"asmc-price-2\">\n<div class=\"wp-block-group asmc-price-card__head is-layout-flow wp-block-group-is-layout-flow\">\n<figure class=\"wp-block-image is-resized asmc-price-card__logo\"><img decoding=\"async\" src=\"https:\/\/asmc.education\/asmc\/wp-content\/uploads\/2026\/07\/asmc-logo-symbol-purple.svg\" alt=\"\" style=\"width:28px;height:28px\"\/><\/figure>\n\n\n\n<p class=\"asmc-price-card__promo wp-block-paragraph\">-15%<\/p>\n<\/div>\n\n\n\n<h3 class=\"wp-block-heading asmc-price-card__price\">18&#215;277\u20ac<\/h3>\n\n\n\n<p class=\"asmc-price-card__day wp-block-paragraph\">soit 6,84\u20ac \/jour<\/p>\n\n\n\n<p class=\"asmc-price-card__note wp-block-paragraph\">+ 1 acompte de 348\u20ac<\/p>\n\n\n\n<p class=\"asmc-price-card__engage wp-block-paragraph\"><strong>Engagement sur 2 ann\u00e9es<\/strong> <mark class=\"asmc-price-card__green\">(-15%)<\/mark> (2026-2028)<\/p>\n\n\n\n<div class=\"wp-block-buttons is-layout-flex wp-block-buttons-is-layout-flex\">\n<div class=\"wp-block-button asmc-price-card__cta\"><a class=\"wp-block-button__link wp-element-button\" href=\"https:\/\/asmc.education\/asmc\/?add-to-cart=226176\">S&rsquo;inscrire<\/a><\/div>\n<\/div>\n\n\n\n<ul class=\"wp-block-list asmc-price-card__list\">\n<li>Un total de 2493\u20ac\/an au lieu de <s>2950\u20ac<\/s><\/li>\n\n\n\n<li>Soit une \u00e9conomie de plus de 900\u20ac sur les 2 ans<\/li>\n\n\n\n<li>Inscription pour le tronc commun<\/li>\n\n\n\n<li>Facilit\u00e9 de paiement jusqu&rsquo;\u00e0 18 fois<\/li>\n\n\n\n<li>Pas de frais d&rsquo;inscription ni de frais cach\u00e9s<\/li>\n\n\n\n<li>1\u00e8re ann\u00e9e \u00e9quivalente \u00e0 20 week-ends<\/li>\n\n\n\n<li>2eme ann\u00e9e \u00e9quivalente \u00e0 20 week-ends<\/li>\n\n\n\n<li>Particulier hors financement<\/li>\n<\/ul>\n<\/div>\n<\/div>\n<\/div>\n\n\n\n<div class=\"wp-block-group asmc-cta-banner is-layout-constrained wp-block-group-is-layout-constrained\">\n<div class=\"wp-block-columns are-vertically-aligned-center is-layout-flex wp-container-core-columns-is-layout-1bdc1c3b wp-block-columns-is-layout-flex\">\n<div class=\"wp-block-column is-vertically-aligned-center is-layout-flow wp-block-column-is-layout-flow\" style=\"flex-basis:150px\">\n<figure class=\"wp-block-image is-resized has-custom-border\"><img decoding=\"async\" src=\"https:\/\/asmc.education\/asmc\/wp-content\/themes\/asmc\/assets\/images\/laetitia-estournel.webp\" alt=\"Laetitia, directrice de l'ASMC\" style=\"border-radius:50%;object-fit:cover;width:130px;height:130px\"\/><\/figure>\n<\/div>\n\n\n\n<div class=\"wp-block-column is-vertically-aligned-center is-layout-flow wp-block-column-is-layout-flow\">\n<h3 class=\"wp-block-heading has-large-font-size\">Tu souhaites savoir si l\u2019ASMC est faite pour toi ?<br>Tu as des questions pr\u00e9cises ?<\/h3>\n\n\n\n<p class=\"wp-block-paragraph\">Nous voulons \u00eatre s\u00fbrs de pouvoir t\u2019aider.<br>Laetitia Estournel, Directrice de l\u2019\u00e9cole te r\u00e9pond personnellement.<\/p>\n<\/div>\n\n\n\n<div class=\"wp-block-column is-vertically-aligned-center asmc-cta-banner__actions is-layout-flow wp-block-column-is-layout-flow\">\n<div class=\"wp-block-buttons is-layout-flex wp-block-buttons-is-layout-flex\">\n<div class=\"wp-block-button is-style-outline is-style-outline--1\"><a class=\"wp-block-button__link wp-element-button\" href=\"tel:+33623634014\">Appeler<\/a><\/div>\n\n\n\n<div class=\"wp-block-button is-style-outline is-style-outline--2\"><a class=\"wp-block-button__link wp-element-button\" href=\"https:\/\/calendly.com\/asmc-officiel\/prendre-un-rendez-vous-en-appel\" target=\"_blank\" rel=\"noreferrer noopener\">R\u00e9server un appel<\/a><\/div>\n\n\n\n<div class=\"wp-block-button is-style-outline is-style-outline--3\"><a class=\"wp-block-button__link wp-element-button\" href=\"https:\/\/asmc.education\/asmc\/formation-mtc\/f-a-q\/\">F.A.Q<\/a><\/div>\n<\/div>\n<\/div>\n<\/div>\n<\/div>\n<\/div>\n\n\n\n<div class=\"wp-block-group alignfull asmc-section has-white-background-color has-background is-layout-constrained wp-block-group-is-layout-constrained\">\n<h2 class=\"wp-block-heading has-x-large-font-size\">D\u00e9tails de notre programme:<\/h2>\n\n\n\n<div class=\"wp-block-group asmc-program-row is-layout-constrained wp-block-group-is-layout-constrained\">\n<figure class=\"wp-block-image size-large\"><img decoding=\"async\" src=\"https:\/\/asmc.education\/asmc\/wp-content\/themes\/asmc\/assets\/images\/theories-fondamentales-1.jpeg\" alt=\"Illustration du tronc commun de l'acad\u00e9mie sup\u00e9rieure de m\u00e9decine chinoise\"\/><\/figure>\n\n\n\n<h3 class=\"wp-block-heading\">Th\u00e9ories fondamentales et bilan \u00e9nerg\u00e9tique \u2013 2 ans<\/h3>\n\n\n\n<p class=\"has-large-font-size wp-block-paragraph\">Vous ma\u00eetriserez les grands principes, les grandes r\u00e8gles.<br>Vous comprendrez mieux le fonctionnement de l\u2019humain.<br>Vous discernerez mieux les souffrances humaines.<br>Vous serez capable de faire un bilan \u00e9nerg\u00e9tique.<br>Vous baignerez dans la philosophie de la m\u00e9decine chinoise.<\/p>\n\n\n\n<p class=\"wp-block-paragraph\"><a href=\"mailto:projet@asmc.education?subject=Demande%20du%20programme%20%22Th%C3%A9ories%20Fondamentales%20%26%20Bilan%20Energ%C3%A9tique%22\"><strong>DEMANDEZ-NOUS LE PROGRAMME ICI<\/strong><\/a><\/p>\n<\/div>\n\n\n\n<div class=\"wp-block-group asmc-program-row is-layout-constrained wp-block-group-is-layout-constrained\">\n<figure class=\"wp-block-image size-large\"><img decoding=\"async\" src=\"https:\/\/asmc.education\/asmc\/wp-content\/themes\/asmc\/assets\/images\/acupuncturemoxibustion.jpg\" alt=\"Illustration de la sp\u00e9cialit\u00e9 acupuncture &amp; moxibustion en m\u00e9decine chinoise\"\/><\/figure>\n\n\n\n<h3 class=\"wp-block-heading\">Acupuncture &amp; moxibustion \u2013 2 ans<\/h3>\n\n\n\n<p class=\"has-large-font-size wp-block-paragraph\">L\u2019enseignement est dirig\u00e9 par le Dr Maddalena Gualtieri, le Dr Robert Hawawiniet le Dr Roberto Gatto d\u2019apr\u00e8s l\u2019enseignement de Philippe Sionneau. Ce dernier n\u2019enseigne pas l\u2019acupuncture en France. Il dirige la pratique de cet art dans les dispensaires de Barcelone, Andorre et en Asie. Vous pratiquerez l\u2019art de l\u2019acupuncture originelle. Vous pratiquerez l\u2019art du moxa. Vous apprendrez et appliquerez les m\u00e9thodes efficaces. Durant la 3<sup>\u00e8me<\/sup> \u00e9tape de votre cursus, vous \u00e9tudierez l\u2019anatomie n\u00e9cessaire \u00e0 l\u2019acupuncture &amp; moxibustion. (optionnel pour m\u00e9decins, kin\u00e9sith\u00e9rapeute, infirmi\u00e8re, ost\u00e9opathe).<\/p>\n\n\n\n<p class=\"wp-block-paragraph\"><a href=\"mailto:projet@asmc.education?subject=Demande%20du%20programme%20%22Acupuncture%20%26%20moxibustion%22\"><strong>DEMANDEZ-NOUS LE PROGRAMME ICI<\/strong><\/a><\/p>\n\n\n\n<p class=\"wp-block-paragraph\"><strong>2925\u20ac \/ an (facilit\u00e9s de paiement pr\u00e9f\u00e9rentielles)<\/strong><\/p>\n<\/div>\n\n\n\n<div class=\"wp-block-group asmc-program-row is-layout-constrained wp-block-group-is-layout-constrained\">\n<figure class=\"wp-block-image size-large\"><img decoding=\"async\" src=\"https:\/\/asmc.education\/asmc\/wp-content\/themes\/asmc\/assets\/images\/photographie-massage-tui-na.jpg\" alt=\"Illustration de la sp\u00e9cialit\u00e9 massage chinois Tui Na\"\/><\/figure>\n\n\n\n<h3 class=\"wp-block-heading\">Massage chinois Tui Na \u2013 1 an<\/h3>\n\n\n\n<p class=\"has-large-font-size wp-block-paragraph\">Vous apprendrez 100% par la pratique.<br>Vous exercerez des m\u00e9thodes de bien-\u00eatre.<br>Vous pratiquerez des m\u00e9thodes pr\u00e9ventives.<br>Durant la 3<sup>\u00e8me<\/sup> \u00e9tape de votre cursus, vous \u00e9tudierez l\u2019anatomie n\u00e9cessaire au massage chinois. (optionnel pour m\u00e9decins, kin\u00e9sith\u00e9rapeute, infirmi\u00e8re, ost\u00e9opathe).<br>Vous apprendrez sous la supervision bienveillante d\u2019un grand professionnel.<\/p>\n\n\n\n<p class=\"wp-block-paragraph\"><a href=\"mailto:projet@asmc.education?subject=Demande%20du%20programme%20%22Massage%20chinois%20Tui%20Na%22\"><strong>DEMANDEZ-NOUS LE PROGRAMME ICI<\/strong><\/a><\/p>\n\n\n\n<p class=\"wp-block-paragraph\"><strong>2600\u20ac \/ an (facilit\u00e9s de paiement pr\u00e9f\u00e9rentielles)<\/strong><\/p>\n<\/div>\n\n\n\n<div class=\"wp-block-group asmc-program-row is-layout-constrained wp-block-group-is-layout-constrained\">\n<figure class=\"wp-block-image size-large\"><img decoding=\"async\" src=\"https:\/\/asmc.education\/asmc\/wp-content\/themes\/asmc\/assets\/images\/dittique-chinoise.jpg\" alt=\"Illustration de la sp\u00e9cialit\u00e9 di\u00e9t\u00e9tique en m\u00e9decine chinoise\"\/><\/figure>\n\n\n\n<h3 class=\"wp-block-heading\">Di\u00e9t\u00e9tique chinoise \u2013 1 an<\/h3>\n\n\n\n<p class=\"has-large-font-size wp-block-paragraph\">Vous go\u00fbterez \u00e0 l\u2019art de la pr\u00e9vention de la di\u00e9t\u00e9tique chinoise.<br>Vous savourerez l\u2019art d\u2019utiliser les aliments pour faire du bien autour de vous.<br>Vous deviendrez conseiller en di\u00e9t\u00e9tique chinoise.<br>Vous serez accompagner par une authentique sp\u00e9cialiste dans ce domaine, une des rare personne ayant acc\u00e8s sa pratique sur la di\u00e9t\u00e9tique chinoise.<\/p>\n\n\n\n<p class=\"wp-block-paragraph\"><a href=\"mailto:projet@asmc.education?subject=Demande%20du%20programme%20%22Di%C3%A9t%C3%A9tique%20chinoise%22\"><strong>DEMANDEZ-NOUS LE PROGRAMME ICI<\/strong><\/a><\/p>\n\n\n\n<p class=\"wp-block-paragraph\"><strong>2600\u20ac \/ an (facilit\u00e9s de paiement pr\u00e9f\u00e9rentielles)<\/strong><\/p>\n<\/div>\n\n\n\n<div class=\"wp-block-group asmc-program-row is-layout-constrained wp-block-group-is-layout-constrained\">\n<figure class=\"wp-block-image size-large\"><img decoding=\"async\" src=\"https:\/\/asmc.education\/asmc\/wp-content\/themes\/asmc\/assets\/images\/photographie-pharmacope-chinoise.jpg\" alt=\"Photographie de la sp\u00e9cialit\u00e9 de la pharmacop\u00e9e chinoise\"\/><\/figure>\n\n\n\n<h3 class=\"wp-block-heading\">Pharmacop\u00e9e chinoise \u2013 2 ans<\/h3>\n\n\n\n<p class=\"has-large-font-size wp-block-paragraph\">Vous jonglerez avec l\u2019art des plantes.<br>Vous mettrez en action la puissance de cet art.<br>Vous ferez des merveilles gr\u00e2ce \u00e0 ce syst\u00e8me.<br>Vous \u00e9tudierez avec l\u2019un des plus grands experts de la pharmacop\u00e9e chinoise en Occident.<br>Vous apprendrez une des plus puissantes m\u00e9thodes en pharmacop\u00e9e chinoise.<\/p>\n\n\n\n<p class=\"wp-block-paragraph\"><a href=\"mailto:projet@asmc.education?subject=Demande%20du%20programme%20%22Pharmacop%C3%A9e%20chinoise%22\"><strong>DEMANDEZ-NOUS LE PROGRAMME ICI<\/strong><\/a><\/p>\n\n\n\n<p class=\"wp-block-paragraph\"><strong>2925\u20ac \/ an (facilit\u00e9s de paiement pr\u00e9f\u00e9rentielles)<\/strong><\/p>\n<\/div>\n\n\n\n<div class=\"wp-block-group asmc-program-row is-layout-constrained wp-block-group-is-layout-constrained\">\n<figure class=\"wp-block-image size-large\"><img decoding=\"async\" src=\"https:\/\/asmc.education\/asmc\/wp-content\/themes\/asmc\/assets\/images\/photographie-qi-gong.jpg\" alt=\"Photographie de la sp\u00e9cialit\u00e9 de Qi Gong\"\/><\/figure>\n\n\n\n<h3 class=\"wp-block-heading\">Q\u00ec G\u014dng pour la sant\u00e9 \u2013 1 an<\/h3>\n\n\n\n<p class=\"has-large-font-size wp-block-paragraph\">Vous renforcerez votre sant\u00e9.<br>Vous d\u00e9velopperez votre \u00e9nergie.<br>Vous aiderez autrui gr\u00e2ce au Q\u00ec G\u014dng.<br>Vous vous transformerez gr\u00e2ce \u00e0 un professeur hors norme.<\/p>\n\n\n\n<p class=\"wp-block-paragraph\"><a href=\"mailto:projet@asmc.education?subject=Demande%20du%20programme%20%22Q%C3%AC%20G%C5%8Dng%20pour%20la%20sant%C3%A9%22\"><strong>DEMANDEZ-NOUS LE PROGRAMME ICI<\/strong><\/a><\/p>\n\n\n\n<p class=\"wp-block-paragraph\"><strong>2600\u20ac \/ an (facilit\u00e9s de paiement pr\u00e9f\u00e9rentielles)<\/strong><\/p>\n<\/div>\n\n\n\n<div class=\"wp-block-group asmc-program-row is-layout-constrained wp-block-group-is-layout-constrained\">\n<figure class=\"wp-block-image size-large\"><img decoding=\"async\" src=\"https:\/\/asmc.education\/asmc\/wp-content\/themes\/asmc\/assets\/images\/signes-dalerte-et-urgences-en-pratique-non-mdicale.webp\" alt=\"Illustration de la gestion d'une urgence : dans un cabinet de m\u00e9decine traditionnelle, un praticien r\u00e9oriente vers les services m\u00e9dicaux par t\u00e9l\u00e9phone tout en soutenant une patiente en d\u00e9tresse\"\/><\/figure>\n\n\n\n<h3 class=\"wp-block-heading\">Module de S\u00e9curit\u00e9 du consultant<\/h3>\n\n\n\n<p class=\"has-large-font-size wp-block-paragraph\">Le module \u00ab\u00a0Signes d\u2019alerte et urgences en pratique non m\u00e9dicale\u00a0\u00bb forme nos apprenants \u00e0 identifier les situations critiques d\u00e9passant le cadre du bien-\u00eatre. En apprenant \u00e0 d\u00e9tecter les signaux n\u00e9cessitant une prise en charge m\u00e9dicale imm\u00e9diate, les futurs praticiens de l\u2019Acad\u00e9mie Sup\u00e9rieure de M\u00e9decine Chinoise garantissent une s\u00e9curit\u00e9 optimale \u00e0 leurs consultants et une orientation rigoureuse vers les services de sant\u00e9 comp\u00e9tents. Ce module est dirig\u00e9 par un docteur en m\u00e9decine.<\/p>\n\n\n\n<p class=\"wp-block-paragraph\"><strong>350\u20ac (facilit\u00e9s de paiement pr\u00e9f\u00e9rentielles)<\/strong><\/p>\n<\/div>\n\n\n\n<div class=\"wp-block-group asmc-program-row is-layout-constrained wp-block-group-is-layout-constrained\" id=\"stage-pratique\">\n<figure class=\"wp-block-image size-large\"><img decoding=\"async\" src=\"https:\/\/asmc.education\/asmc\/wp-content\/themes\/asmc\/assets\/images\/tudiant-de-mdecine-chinoise-sous-supervision.webp\" alt=\"\u00e9tudiant de m\u00e9decine chinoise sous supervision pendant un traitement\"\/><\/figure>\n\n\n\n<h3 class=\"wp-block-heading\">Stage pratique \/ Mentorat \/ M\u00e9moire<\/h3>\n\n\n\n<p class=\"has-large-font-size wp-block-paragraph\"><strong>Valider votre expertise : 3 voies vers la certification<\/strong><br>Pour finaliser votre cursus au sein de l\u2019Acad\u00e9mie Sup\u00e9rieure de M\u00e9decine Chinoise, la validation d&rsquo;une exp\u00e9rience de terrain est essentielle. Elle vous permet de transformer vos connaissances en un savoir-faire op\u00e9rationnel. Vous pouvez choisir l\u2019option qui correspond le mieux \u00e0 votre projet :<\/p>\n\n\n\n<p class=\"has-large-font-size wp-block-paragraph\"><strong>1.\u2060 \u2060Immersion internationale :<\/strong> Stage pratique en dispensaire \u00e0 l\u2019\u00e9tranger.<br>Vivez une exp\u00e9rience humaine et clinique unique au sein d\u2019un dispensaire partenaire de l&rsquo;ASMC.<br>\u2022\u2060 \u2060Dur\u00e9e : 2 semaines.<br>\u2022\u2060 \u2060Validation : Prononc\u00e9e par l&rsquo;encadrant sur place, elle r\u00e9compense la qualit\u00e9 de votre pratique et la pertinence de votre engagement sur le terrain.<\/p>\n\n\n\n<details class=\"wp-block-details is-layout-flow wp-block-details-is-layout-flow\"><summary>En savoir plus<\/summary>\n<p class=\"wp-block-paragraph\">Le participant a la possibilit\u00e9 d\u2019effectuer un stage pratique au sein d\u2019un dispensaire \u00e0 l\u2019\u00e9tranger (en Asie ou en Espagne), organis\u00e9 par l\u2019Acad\u00e9mie Sup\u00e9rieure de M\u00e9decine Chinoise.<\/p>\n\n\n\n<p class=\"wp-block-paragraph\">Les modalit\u00e9s d\u2019organisation, les lieux d\u2019accueil ainsi que les tarifs sont d\u00e9finis chaque ann\u00e9e par l\u2019organisme de formation. Ces \u00e9l\u00e9ments sont r\u00e9ajust\u00e9s annuellement afin de tenir compte des \u00e9volutions de la conjoncture financi\u00e8re, \u00e9conomique et politique des pays concern\u00e9s.<\/p>\n\n\n\n<p class=\"wp-block-paragraph\">Le stage doit \u00eatre r\u00e9alis\u00e9 conform\u00e9ment aux conditions fix\u00e9es par l\u2019organisme et valid\u00e9 par l\u2019\u00e9quipe p\u00e9dagogique afin de permettre l\u2019obtention de la certification compl\u00e8te du cursus.<\/p>\n\n\n\n<p class=\"wp-block-paragraph\">La dur\u00e9e du stage est fix\u00e9e \u00e0 deux semaines.<\/p>\n\n\n\n<p class=\"wp-block-paragraph\">La validation est prononc\u00e9e par l\u2019encadrant \u00e0 l\u2019issue du stage, sous r\u00e9serve de la qualit\u00e9 du travail fourni et de l\u2019implication du participant.<\/p>\n<\/details>\n\n\n\n<p class=\"has-large-font-size wp-block-paragraph\"><strong>2.\u2060 \u2060Expertise et recherche : le M\u00e9moire<\/strong><br>Pr\u00e9sentation d\u2019un m\u00e9moire de \u00ab cas pratiques \u00bb. D\u00e9montrez votre capacit\u00e9 d&rsquo;analyse en documentant votre propre pratique.<br>\u2022\u2060 \u2060Contenu : Pr\u00e9sentation de 30 \u00e9tudes de cas r\u00e9els incluant la description des plaintes, le bilan \u00e9nerg\u00e9tique complet et les r\u00e9sultats obtenus.<br>\u2022\u2060 \u2060Validation : \u00c9valuation de la pertinence de vos protocoles par un correcteur d\u00e9di\u00e9.<\/p>\n\n\n\n<details class=\"wp-block-details is-layout-flow wp-block-details-is-layout-flow\"><summary>En savoir plus<\/summary>\n<p class=\"wp-block-paragraph\">Les personnes d\u00e9j\u00e0 install\u00e9es, disposant d\u2019une exp\u00e9rience professionnelle et pouvant justifier de retours positifs de la part de leurs consultants, ont la possibilit\u00e9 de pr\u00e9senter un m\u00e9moire comportant 30 t\u00e9moignages r\u00e9els. Ces t\u00e9moignages devront inclure une description des plaintes, un bilan \u00e9nerg\u00e9tique ainsi que les r\u00e9sultats obtenus.<\/p>\n\n\n\n<p class=\"wp-block-paragraph\">Apr\u00e8s v\u00e9rification de la qualit\u00e9 des t\u00e9moignages par l\u2019\u00e9quipe p\u00e9dagogique, les cas jug\u00e9s les plus pertinents pourront \u00eatre utilis\u00e9s afin d\u2019enrichir les enseignements relatifs au bilan \u00e9nerg\u00e9tique du tronc commun de l\u2019Acad\u00e9mie Sup\u00e9rieure de M\u00e9decine Chinoise.<\/p>\n\n\n\n<p class=\"wp-block-paragraph\">Cette option n\u2019est pas applicable aux formations de massage Tui Na et de Qi Gong.<\/p>\n\n\n\n<p class=\"wp-block-paragraph\">La validation du m\u00e9moire est prononc\u00e9e par le correcteur. En cas de qualit\u00e9 jug\u00e9e insuffisante, l\u2019apprenant sera accompagn\u00e9 afin d\u2019am\u00e9liorer son m\u00e9moire en vue d\u2019une nouvelle pr\u00e9sentation.<\/p>\n<\/details>\n\n\n\n<p class=\"has-large-font-size wp-block-paragraph\"><strong>3.\u2060 \u2060Accompagnement sur mesure : Mentorat &amp; Supervision<\/strong><br>Parcours de supervision personnalis\u00e9e de 6 mois. B\u00e9n\u00e9ficiez du regard \u00e9clair\u00e9 d\u2019un expert d\u00e9sign\u00e9 par l\u2019ASMC pour affiner votre posture de praticien dans la sp\u00e9cialit\u00e9 choisie.<br>\u2022\u2060 \u2060Format : Accompagnement r\u00e9gulier sur un semestre.<br>\u2022\u2060 \u2060Validation : Accord\u00e9e par votre mentor, elle repose sur votre assiduit\u00e9 et votre \u00e9volution tout au long du parcours.<\/p>\n\n\n\n<details class=\"wp-block-details is-layout-flow wp-block-details-is-layout-flow\"><summary>En savoir plus<\/summary>\n<p class=\"wp-block-paragraph\">Le participant peut opter pour un parcours de supervision d\u2019une dur\u00e9e de 6 mois avec un encadrant d\u00e9sign\u00e9 par l\u2019ASMC, selon la sp\u00e9cialit\u00e9 choisie.<\/p>\n\n\n\n<p class=\"wp-block-paragraph\">Cette supervision comprend :<\/p>\n\n\n\n<ul class=\"wp-block-list\">\n<li>Une s\u00e9ance mensuelle obligatoire d\u2019une dur\u00e9e d\u2019une heure<\/li>\n\n\n\n<li>Des sessions r\u00e9alis\u00e9es exclusivement en visioconf\u00e9rence<\/li>\n\n\n\n<li>La pr\u00e9sentation mensuelle de 4 cas rencontr\u00e9s par l\u2019apprenant, pr\u00e9sentation selon l\u2019enseignement re\u00e7u \u00e0 l\u2019ASMC<\/li>\n<\/ul>\n\n\n\n<p class=\"wp-block-paragraph\">Ce suivi a pour objectif de :<\/p>\n\n\n\n<ul class=\"wp-block-list\">\n<li>V\u00e9rifier l\u2019application des bonnes pratiques professionnelles<\/li>\n\n\n\n<li>Accompagner la r\u00e9flexion clinique<\/li>\n\n\n\n<li>Ajuster la conduite th\u00e9rapeutique si n\u00e9cessaire<\/li>\n\n\n\n<li>S\u00e9curiser la mise en pratique des comp\u00e9tences acquises<\/li>\n<\/ul>\n\n\n\n<p class=\"wp-block-paragraph\">La validation sera prononc\u00e9e par l\u2019encadrant \u00e0 l\u2019issue des six mois, sous r\u00e9serve de l\u2019assiduit\u00e9 et de l\u2019implication du participant.<\/p>\n<\/details>\n<\/div>\n\n\n\n<div class=\"wp-block-group asmc-program-row is-layout-constrained wp-block-group-is-layout-constrained\">\n<figure class=\"wp-block-image size-large\"><img decoding=\"async\" src=\"https:\/\/asmc.education\/asmc\/wp-content\/themes\/asmc\/assets\/images\/theories-fondamentales-1.jpeg\" alt=\"Illustration du tronc commun de l'acad\u00e9mie sup\u00e9rieure de m\u00e9decine chinoise\"\/><\/figure>\n\n\n\n<h3 class=\"wp-block-heading\">Un programme d\u2019une grande richesse<\/h3>\n\n\n\n<p class=\"has-large-font-size wp-block-paragraph\">Vous profiterez d\u2019un programme fond\u00e9 sur les recherches de Philippe Sionneau depuis 25 ans.<br>Vous b\u00e9n\u00e9ficierez d\u2019un programme de niveau sup\u00e9rieur issu de sources 100% chinoise.<br>Vous \u00e9voluerez dans une m\u00e9decine chinoise originelle, authentique, puissante.<\/p>\n\n\n\n<h3 class=\"wp-block-heading\">Combiner plusieurs sp\u00e9cialit\u00e9s<\/h3>\n\n\n\n<p class=\"has-large-font-size wp-block-paragraph\">En fonction de votre disponibilit\u00e9, vous pouvez cumuler sur 1 ann\u00e9e l\u2019\u00e9tude de plusieurs sp\u00e9cialit\u00e9s. Par exemple, vous pouvez \u00e9tudier en m\u00eame temps l\u2019acupuncture et le q\u00ec g\u014dng de sant\u00e9, la di\u00e9t\u00e9tique chinoise et le massage Tui Na, la pharmacop\u00e9e chinoise et le massage Tui Na, le q\u00ec g\u014dng de sant\u00e9 et le massage chinois, etc. En incluant les 2 ans de tronc commun, au bout de 3 ann\u00e9es (2 + 1) vous pouvez obtenir votre certificat en q\u00ec g\u014dng de sant\u00e9, en di\u00e9t\u00e9tique chinoise, en massage chinois Tui Na. Il vous faudra 4 ann\u00e9es (2 + 2) pour obtenir un certificat en acupuncture ou en pharmacop\u00e9e. Les combinaisons sont multiples. Si vous avez une bonne disponibilit\u00e9, vous pouvez apprendre l\u2019acupuncture et la pharmacop\u00e9e en m\u00eame temps, et ainsi acqu\u00e9rir de grandes comp\u00e9tences en seulement 4 ans. Demandez-nous conseil, et nous vous guiderons au mieux de vos int\u00e9r\u00eats et de vos d\u00e9sirs.<\/p>\n\n\n\n<h3 class=\"wp-block-heading\">Quantit\u00e9 d\u2019heures de formation incomparable<\/h3>\n\n\n\n<p class=\"has-large-font-size wp-block-paragraph\">Formation professionnelle.<br>Formation de 3 \u00e0 6 ans.<br>Formation proposant le plus grand nombre d\u2019heures de cours en France.<\/p>\n<\/div>\n<\/div>\n\n","protected":false},"excerpt":{"rendered":"<p>Cursus &amp; formule de prix Programme d\u2019\u00e9tudes &amp; tarifs de l\u2019\u00e9cole Ann\u00e9e par ann\u00e9e, sp\u00e9cialit\u00e9s, co\u00fbt annuel, tarifs particuliers&#8230; 01 Tronc Commun &#8211; 2 ans Ma\u00eetrise des Th\u00e9ories fondamentales et bilan \u00e9nerg\u00e9tique. La th\u00e9orie est enseign\u00e9e par cours en ligne via notre plateforme d\u00e9di\u00e9e et visioconf\u00e9rences avec tutorat. 02 \u00c9tude de sp\u00e9cialit\u00e9(s) &#8211; 1 \u00e0 [&hellip;]<\/p>\n","protected":false},"author":4,"featured_media":0,"parent":227427,"menu_order":0,"comment_status":"closed","ping_status":"closed","template":"","meta":{"footnotes":""},"class_list":["post-227435","page","type-page","status-publish","hentry"],"_links":{"self":[{"href":"https:\/\/asmc.education\/asmc\/wp-json\/wp\/v2\/pages\/227435","targetHints":{"allow":["GET"]}}],"collection":[{"href":"https:\/\/asmc.education\/asmc\/wp-json\/wp\/v2\/pages"}],"about":[{"href":"https:\/\/asmc.education\/asmc\/wp-json\/wp\/v2\/types\/page"}],"author":[{"embeddable":true,"href":"https:\/\/asmc.education\/asmc\/wp-json\/wp\/v2\/users\/4"}],"replies":[{"embeddable":true,"href":"https:\/\/asmc.education\/asmc\/wp-json\/wp\/v2\/comments?post=227435"}],"version-history":[{"count":1,"href":"https:\/\/asmc.education\/asmc\/wp-json\/wp\/v2\/pages\/227435\/revisions"}],"predecessor-version":[{"id":228226,"href":"https:\/\/asmc.education\/asmc\/wp-json\/wp\/v2\/pages\/227435\/revisions\/228226"}],"up":[{"embeddable":true,"href":"https:\/\/asmc.education\/asmc\/wp-json\/wp\/v2\/pages\/227427"}],"wp:attachment":[{"href":"https:\/\/asmc.education\/asmc\/wp-json\/wp\/v2\/media?parent=227435"}],"curies":[{"name":"wp","href":"https:\/\/api.w.org\/{rel}","templated":true}]}}