{"id":227416,"date":"2024-03-13T11:22:04","date_gmt":"2024-03-13T11:22:04","guid":{"rendered":"https:\/\/asmc-test.es\/old_asmc\/membre-pedagogique\/aurelie-cl\/"},"modified":"2024-03-13T11:22:04","modified_gmt":"2024-03-13T11:22:04","slug":"aurelie-cl","status":"publish","type":"membre-pedagogique","link":"https:\/\/asmc.education\/asmc\/membre-pedagogique\/aurelie-cl\/","title":{"rendered":"Aur\u00e9lie Chapgier Laboissiere"},"content":{"rendered":"<p id=\"\">Elle pratique la m\u00e9decine chinoise dans son cabinet \u00e0 Gen\u00e8ve. Form\u00e9e en Suisse et lors de stages cliniques en Chine (Chengdu, Dali), elle a suivi ensuite toutes les formations majeures de Philippe Sionneau, lui conf\u00e9rant rigueur et professionnalisme en tant que praticienne. Elle est tomb\u00e9e dans la passionnante marmite de la di\u00e9t\u00e9tique chinoise depuis plus de 10 ans et donne des consultations sp\u00e9cialis\u00e9es dans son cabinet afin d\u2019aider en majorit\u00e9 les patients \u00e0 perdre du poids et \u00e0 retrouver la sant\u00e9. De plus, elle anime r\u00e9guli\u00e8rement pour ses patients des ateliers de di\u00e9t\u00e9tique chinoise sur des th\u00e8mes de sant\u00e9 ainsi que des ateliers de di\u00e9t\u00e9tique p\u00e9diatrique et pour les femmes enceintes. <strong>Elle est la responsable de la Formation Sup\u00e9rieure en Di\u00e9t\u00e9tique Chinoise.<\/strong><\/p>\n","protected":false},"excerpt":{"rendered":"<p>Elle pratique la m\u00e9decine chinoise dans son cabinet \u00e0 Gen\u00e8ve. Form\u00e9e en Suisse et lors de stages cliniques en Chine (Chengdu, Dali), elle a suivi ensuite toutes les formations majeures de Philippe Sionneau, lui conf\u00e9rant rigueur et professionnalisme en tant que praticienne. Elle est tomb\u00e9e dans la passionnante marmite de la di\u00e9t\u00e9tique chinoise depuis plus [&hellip;]<\/p>\n","protected":false},"featured_media":227415,"template":"","class_list":["post-227416","membre-pedagogique","type-membre-pedagogique","status-publish","has-post-thumbnail","hentry"],"_links":{"self":[{"href":"https:\/\/asmc.education\/asmc\/wp-json\/wp\/v2\/membre-pedagogique\/227416","targetHints":{"allow":["GET"]}}],"collection":[{"href":"https:\/\/asmc.education\/asmc\/wp-json\/wp\/v2\/membre-pedagogique"}],"about":[{"href":"https:\/\/asmc.education\/asmc\/wp-json\/wp\/v2\/types\/membre-pedagogique"}],"wp:featuredmedia":[{"embeddable":true,"href":"https:\/\/asmc.education\/asmc\/wp-json\/wp\/v2\/media\/227415"}],"wp:attachment":[{"href":"https:\/\/asmc.education\/asmc\/wp-json\/wp\/v2\/media?parent=227416"}],"curies":[{"name":"wp","href":"https:\/\/api.w.org\/{rel}","templated":true}]}}