{"id":227406,"date":"2024-03-13T11:22:04","date_gmt":"2024-03-13T11:22:04","guid":{"rendered":"https:\/\/asmc-test.es\/old_asmc\/membre-pedagogique\/laurence-e\/"},"modified":"2024-03-13T11:22:04","modified_gmt":"2024-03-13T11:22:04","slug":"laurence-e","status":"publish","type":"membre-pedagogique","link":"https:\/\/asmc.education\/asmc\/membre-pedagogique\/laurence-e\/","title":{"rendered":"Laurence E."},"content":{"rendered":"<p>Elle s\u2019int\u00e9resse aux soins naturels depuis plus de 12 ans. C\u2019est \u00e0 travers la pratique du shiatsu qu\u2019elle d\u00e9couvre avec passion la m\u00e9decine chinoise. Elle l\u2019\u00e9tudie \u00e0 Lyon et devient l\u2019assistante du Docteur Yang Yi Bin, un m\u00e9decin chinois r\u00e9put\u00e9 \u00e0 Lyon, pendant deux ans. En parall\u00e8le, elle continue \u00e0 se perfectionner pendant plusieurs ann\u00e9es notamment aupr\u00e8s de Philippe Sionneau en acupuncture, en diagnostic et en phytoth\u00e9rapie chinoise. Excellente praticienne, elle exerce son art aujourd\u2019hui \u00e0 Lyon. Ses sp\u00e9cialit\u00e9s, sont l\u2019acupuncture, la moxibustion, les ventouses, et la pharmacologie chinoise. Sa dext\u00e9rit\u00e9 ayant attir\u00e9 l\u2019attention de Philippe, c\u2019est tout naturellement qu\u2019elle int\u00e9gra l\u2019\u00e9quipe enseignante de l\u2019ASMC. Elle est <strong>la responsable du centre de Lyon.<\/strong><\/p>\n","protected":false},"excerpt":{"rendered":"<p>Elle s\u2019int\u00e9resse aux soins naturels depuis plus de 12 ans. C\u2019est \u00e0 travers la pratique du shiatsu qu\u2019elle d\u00e9couvre avec passion la m\u00e9decine chinoise. Elle l\u2019\u00e9tudie \u00e0 Lyon et devient l\u2019assistante du Docteur Yang Yi Bin, un m\u00e9decin chinois r\u00e9put\u00e9 \u00e0 Lyon, pendant deux ans. En parall\u00e8le, elle continue \u00e0 se perfectionner pendant plusieurs ann\u00e9es [&hellip;]<\/p>\n","protected":false},"featured_media":227405,"template":"","class_list":["post-227406","membre-pedagogique","type-membre-pedagogique","status-publish","has-post-thumbnail","hentry"],"_links":{"self":[{"href":"https:\/\/asmc.education\/asmc\/wp-json\/wp\/v2\/membre-pedagogique\/227406","targetHints":{"allow":["GET"]}}],"collection":[{"href":"https:\/\/asmc.education\/asmc\/wp-json\/wp\/v2\/membre-pedagogique"}],"about":[{"href":"https:\/\/asmc.education\/asmc\/wp-json\/wp\/v2\/types\/membre-pedagogique"}],"wp:featuredmedia":[{"embeddable":true,"href":"https:\/\/asmc.education\/asmc\/wp-json\/wp\/v2\/media\/227405"}],"wp:attachment":[{"href":"https:\/\/asmc.education\/asmc\/wp-json\/wp\/v2\/media?parent=227406"}],"curies":[{"name":"wp","href":"https:\/\/api.w.org\/{rel}","templated":true}]}}