{"id":227396,"date":"2024-03-13T11:22:04","date_gmt":"2024-03-13T11:22:04","guid":{"rendered":"https:\/\/asmc-test.es\/old_asmc\/membre-pedagogique\/thierry-b\/"},"modified":"2024-03-13T11:22:04","modified_gmt":"2024-03-13T11:22:04","slug":"thierry-b","status":"publish","type":"membre-pedagogique","link":"https:\/\/asmc.education\/asmc\/membre-pedagogique\/thierry-b\/","title":{"rendered":"Thierry B."},"content":{"rendered":"<p>Il est praticien depuis 1997. Il a re\u00e7u l\u2019enseignement du Dr Jian dont il est dipl\u00f4m\u00e9 en Tui Na, M\u00e9decine chinoise et Qi Gong. Diff\u00e9rents enseignements en Chine aupr\u00e8s d\u2019experts lui ont \u00e9galement permis de construire une pratique solide et appr\u00e9ci\u00e9e. (H\u00f4pital de Xuan Wu \u00e0 P\u00e9kin avec docteur Li ainsi qu\u2019\u00e0 Zhang Jia Jie avec Ma\u00eetre Li expert en Qi Gong m\u00e9dical et massage par le Qi Gong). Il a \u00e9galement suivi la Formation Sup\u00e9rieure en Acupuncture avec Philippe Sionneau d\u00e8s 2011. De plus, il est le repr\u00e9sentant de la th\u00e9rapie japonaise Yumeiho en France depuis 2012. Il est sp\u00e9cialis\u00e9 dans les m\u00e9thodes de lib\u00e9rations articulaires asiatiques. Ses grandes qualit\u00e9s p\u00e9dagogiques et son expertise sont mises \u00e0 disposition des \u00e9tudiants de l\u2019ASMC. Il est <strong>le responsable du centre de Rennes.<\/strong><\/p>\n","protected":false},"excerpt":{"rendered":"<p>Il est praticien depuis 1997. Il a re\u00e7u l\u2019enseignement du Dr Jian dont il est dipl\u00f4m\u00e9 en Tui Na, M\u00e9decine chinoise et Qi Gong. Diff\u00e9rents enseignements en Chine aupr\u00e8s d\u2019experts lui ont \u00e9galement permis de construire une pratique solide et appr\u00e9ci\u00e9e. (H\u00f4pital de Xuan Wu \u00e0 P\u00e9kin avec docteur Li ainsi qu\u2019\u00e0 Zhang Jia Jie [&hellip;]<\/p>\n","protected":false},"featured_media":227395,"template":"","class_list":["post-227396","membre-pedagogique","type-membre-pedagogique","status-publish","has-post-thumbnail","hentry"],"_links":{"self":[{"href":"https:\/\/asmc.education\/asmc\/wp-json\/wp\/v2\/membre-pedagogique\/227396","targetHints":{"allow":["GET"]}}],"collection":[{"href":"https:\/\/asmc.education\/asmc\/wp-json\/wp\/v2\/membre-pedagogique"}],"about":[{"href":"https:\/\/asmc.education\/asmc\/wp-json\/wp\/v2\/types\/membre-pedagogique"}],"wp:featuredmedia":[{"embeddable":true,"href":"https:\/\/asmc.education\/asmc\/wp-json\/wp\/v2\/media\/227395"}],"wp:attachment":[{"href":"https:\/\/asmc.education\/asmc\/wp-json\/wp\/v2\/media?parent=227396"}],"curies":[{"name":"wp","href":"https:\/\/api.w.org\/{rel}","templated":true}]}}